{"id":81,"date":"2025-08-21T08:46:57","date_gmt":"2025-08-21T08:46:57","guid":{"rendered":"https:\/\/gestiongeriatrica.es\/?page_id=81"},"modified":"2025-08-25T08:09:50","modified_gmt":"2025-08-25T08:09:50","slug":"servicios","status":"publish","type":"page","link":"https:\/\/gestiongeriatrica.es\/index.php\/servicios\/","title":{"rendered":"Servicios"},"content":{"rendered":"\t\t<div data-elementor-type=\"wp-page\" data-elementor-id=\"81\" class=\"elementor elementor-81\" data-elementor-post-type=\"page\">\n\t\t\t\t<div class=\"elementor-element elementor-element-75a20bcb e-flex e-con-boxed e-con e-parent\" data-id=\"75a20bcb\" data-element_type=\"container\" data-e-type=\"container\" data-settings=\"{&quot;background_background&quot;:&quot;classic&quot;}\">\n\t\t\t\t\t<div class=\"e-con-inner\">\n\t\t\t\t<div class=\"elementor-element elementor-element-281e9f7c elementor-widget elementor-widget-heading\" data-id=\"281e9f7c\" data-element_type=\"widget\" data-e-type=\"widget\" data-widget_type=\"heading.default\">\n\t\t\t\t\t<h2 class=\"elementor-heading-title elementor-size-default\">Mis Servicios<\/h2>\t\t\t\t<\/div>\n\t\t\t\t\t<\/div>\n\t\t\t\t<\/div>\n\t\t<div class=\"elementor-element elementor-element-3045aca7 e-flex e-con-boxed e-con e-parent\" data-id=\"3045aca7\" data-element_type=\"container\" data-e-type=\"container\" data-settings=\"{&quot;background_background&quot;:&quot;classic&quot;}\">\n\t\t\t\t\t<div class=\"e-con-inner\">\n\t\t\t\t<div class=\"elementor-element elementor-element-4245dbb1 elementor-widget elementor-widget-heading\" data-id=\"4245dbb1\" data-element_type=\"widget\" data-e-type=\"widget\" data-widget_type=\"heading.default\">\n\t\t\t\t\t<div class=\"elementor-heading-title elementor-size-default\">C\u00f3mo puedo ayudarte<\/div>\t\t\t\t<\/div>\n\t\t\t\t<div class=\"elementor-element elementor-element-2bae1f9b animated-slow elementor-invisible elementor-widget elementor-widget-heading\" data-id=\"2bae1f9b\" data-element_type=\"widget\" data-e-type=\"widget\" data-settings=\"{&quot;_animation&quot;:&quot;fadeInUp&quot;}\" data-widget_type=\"heading.default\">\n\t\t\t\t\t<h3 class=\"elementor-heading-title elementor-size-default\">Asesoramiento Integral en Residencias<\/h3>\t\t\t\t<\/div>\n\t\t\t\t<div class=\"elementor-element elementor-element-3b29d1ec elementor-widget__width-initial elementor-widget elementor-widget-text-editor\" data-id=\"3b29d1ec\" data-element_type=\"widget\" data-e-type=\"widget\" data-widget_type=\"text-editor.default\">\n\t\t\t\t\t\t\t\t\t<p>Ofrezco un acompa\u00f1amiento cercano y profesional para garantizar tranquilidad y confianza en el cuidado de tus mayores.<\/p>\t\t\t\t\t\t\t\t<\/div>\n\t\t<div class=\"elementor-element elementor-element-cefafdd e-con-full e-flex e-con e-child\" data-id=\"cefafdd\" data-element_type=\"container\" data-e-type=\"container\">\n\t\t<div class=\"elementor-element elementor-element-2c48c2ec e-con-full animated-slow e-flex elementor-invisible e-con e-child\" data-id=\"2c48c2ec\" data-element_type=\"container\" data-e-type=\"container\" data-settings=\"{&quot;animation&quot;:&quot;fadeInLeft&quot;}\">\n\t\t<div class=\"elementor-element elementor-element-7a2a99c2 e-con-full e-flex e-con e-child\" data-id=\"7a2a99c2\" data-element_type=\"container\" data-e-type=\"container\">\n\t\t\t\t<div class=\"elementor-element elementor-element-f6a821f elementor-position-left elementor-vertical-align-middle elementor-widget elementor-widget-image-box\" data-id=\"f6a821f\" data-element_type=\"widget\" data-e-type=\"widget\" data-widget_type=\"image-box.default\">\n\t\t\t\t\t<div class=\"elementor-image-box-wrapper\"><figure class=\"elementor-image-box-img\"><img fetchpriority=\"high\" decoding=\"async\" width=\"300\" height=\"300\" src=\"https:\/\/gestiongeriatrica.es\/wp-content\/uploads\/2025\/08\/Service-1.png\" class=\"attachment-full size-full wp-image-29\" alt=\"\" srcset=\"https:\/\/gestiongeriatrica.es\/wp-content\/uploads\/2025\/08\/Service-1.png 300w, https:\/\/gestiongeriatrica.es\/wp-content\/uploads\/2025\/08\/Service-1-150x150.png 150w\" sizes=\"(max-width: 300px) 100vw, 300px\" \/><\/figure><div class=\"elementor-image-box-content\"><h4 class=\"elementor-image-box-title\">Coordinaci\u00f3n con profesionales<\/h4><\/div><\/div>\t\t\t\t<\/div>\n\t\t\t\t<div class=\"elementor-element elementor-element-4c866304 elementor-widget elementor-widget-text-editor\" data-id=\"4c866304\" data-element_type=\"widget\" data-e-type=\"widget\" data-widget_type=\"text-editor.default\">\n\t\t\t\t\t\t\t\t\t<p>Me encargo de ser el enlace entre m\u00e9dicos, enfermer\u00eda y especialistas para que el residente reciba una atenci\u00f3n integral.<\/p>\t\t\t\t\t\t\t\t<\/div>\n\t\t\t\t<\/div>\n\t\t\t\t<\/div>\n\t\t<div class=\"elementor-element elementor-element-b24f03e e-con-full animated-slow e-flex elementor-invisible e-con e-child\" data-id=\"b24f03e\" data-element_type=\"container\" data-e-type=\"container\" data-settings=\"{&quot;animation&quot;:&quot;fadeInUp&quot;}\">\n\t\t<div class=\"elementor-element elementor-element-4d9cdad e-con-full e-flex e-con e-child\" data-id=\"4d9cdad\" data-element_type=\"container\" data-e-type=\"container\">\n\t\t\t\t<div class=\"elementor-element elementor-element-7933d014 elementor-position-left elementor-vertical-align-middle elementor-widget elementor-widget-image-box\" data-id=\"7933d014\" data-element_type=\"widget\" data-e-type=\"widget\" data-widget_type=\"image-box.default\">\n\t\t\t\t\t<div class=\"elementor-image-box-wrapper\"><figure class=\"elementor-image-box-img\"><img decoding=\"async\" width=\"300\" height=\"300\" src=\"https:\/\/gestiongeriatrica.es\/wp-content\/uploads\/2025\/08\/Service-2.png\" class=\"attachment-full size-full wp-image-30\" alt=\"\" srcset=\"https:\/\/gestiongeriatrica.es\/wp-content\/uploads\/2025\/08\/Service-2.png 300w, https:\/\/gestiongeriatrica.es\/wp-content\/uploads\/2025\/08\/Service-2-150x150.png 150w\" sizes=\"(max-width: 300px) 100vw, 300px\" \/><\/figure><div class=\"elementor-image-box-content\"><h4 class=\"elementor-image-box-title\">Gesti\u00f3n administrativa<\/h4><\/div><\/div>\t\t\t\t<\/div>\n\t\t\t\t<div class=\"elementor-element elementor-element-3f87a8f9 elementor-widget elementor-widget-text-editor\" data-id=\"3f87a8f9\" data-element_type=\"widget\" data-e-type=\"widget\" data-widget_type=\"text-editor.default\">\n\t\t\t\t\t\t\t\t\t<p>Apoyo en todos los tr\u00e1mites relacionados con el cuidado geri\u00e1trico: desde solicitudes de ayudas sociales y subvenciones hasta la organizaci\u00f3n de documentaci\u00f3n necesaria.<\/p>\t\t\t\t\t\t\t\t<\/div>\n\t\t\t\t<\/div>\n\t\t\t\t<\/div>\n\t\t<div class=\"elementor-element elementor-element-697a4755 e-con-full animated-slow e-flex elementor-invisible e-con e-child\" data-id=\"697a4755\" data-element_type=\"container\" data-e-type=\"container\" data-settings=\"{&quot;animation&quot;:&quot;fadeInRight&quot;}\">\n\t\t<div class=\"elementor-element elementor-element-354c1fd3 e-con-full e-flex e-con e-child\" data-id=\"354c1fd3\" data-element_type=\"container\" data-e-type=\"container\">\n\t\t\t\t<div class=\"elementor-element elementor-element-762e817c elementor-position-left elementor-vertical-align-middle elementor-widget elementor-widget-image-box\" data-id=\"762e817c\" data-element_type=\"widget\" data-e-type=\"widget\" data-widget_type=\"image-box.default\">\n\t\t\t\t\t<div class=\"elementor-image-box-wrapper\"><figure class=\"elementor-image-box-img\"><img decoding=\"async\" width=\"300\" height=\"300\" src=\"https:\/\/gestiongeriatrica.es\/wp-content\/uploads\/2025\/08\/Service-5.png\" class=\"attachment-full size-full wp-image-33\" alt=\"\" srcset=\"https:\/\/gestiongeriatrica.es\/wp-content\/uploads\/2025\/08\/Service-5.png 300w, https:\/\/gestiongeriatrica.es\/wp-content\/uploads\/2025\/08\/Service-5-150x150.png 150w\" sizes=\"(max-width: 300px) 100vw, 300px\" \/><\/figure><div class=\"elementor-image-box-content\"><h4 class=\"elementor-image-box-title\">Orientaci\u00f3n en el ingreso<\/h4><\/div><\/div>\t\t\t\t<\/div>\n\t\t\t\t<div class=\"elementor-element elementor-element-3d0e50c1 elementor-widget elementor-widget-text-editor\" data-id=\"3d0e50c1\" data-element_type=\"widget\" data-e-type=\"widget\" data-widget_type=\"text-editor.default\">\n\t\t\t\t\t\t\t\t\t<p>Acompa\u00f1o a las familias en todo el proceso de admisi\u00f3n, resolviendo dudas, simplificando la documentaci\u00f3n y ayudando a elegir la mejor opci\u00f3n de residencia.<\/p>\t\t\t\t\t\t\t\t<\/div>\n\t\t\t\t<\/div>\n\t\t\t\t<\/div>\n\t\t\t\t<\/div>\n\t\t\t\t\t<\/div>\n\t\t\t\t<\/div>\n\t\t<div class=\"elementor-element elementor-element-7375ac15 e-flex e-con-boxed e-con e-parent\" data-id=\"7375ac15\" data-element_type=\"container\" data-e-type=\"container\" data-settings=\"{&quot;background_background&quot;:&quot;classic&quot;}\">\n\t\t\t\t\t<div class=\"e-con-inner\">\n\t\t\t\t<div class=\"elementor-element elementor-element-13510b0 elementor-widget elementor-widget-heading\" data-id=\"13510b0\" data-element_type=\"widget\" data-e-type=\"widget\" data-widget_type=\"heading.default\">\n\t\t\t\t\t<h3 class=\"elementor-heading-title elementor-size-default\">\u00bfHablamos sobre tu caso?<\/h3>\t\t\t\t<\/div>\n\t\t\t\t<div class=\"elementor-element elementor-element-12ae3bc6 elementor-widget__width-initial elementor-widget elementor-widget-text-editor\" data-id=\"12ae3bc6\" data-element_type=\"widget\" data-e-type=\"widget\" data-widget_type=\"text-editor.default\">\n\t\t\t\t\t\t\t\t\t<p>Ponte en contacto conmigo y recibe asesoramiento personalizado para encontrar la mejor soluci\u00f3n para tu familiar.<\/p>\t\t\t\t\t\t\t\t<\/div>\n\t\t\t\t<div class=\"elementor-element elementor-element-7ba68a73 elementor-widget elementor-widget-button\" data-id=\"7ba68a73\" data-element_type=\"widget\" data-e-type=\"widget\" data-widget_type=\"button.default\">\n\t\t\t\t\t\t\t\t\t\t<a class=\"elementor-button elementor-button-link elementor-size-sm\" href=\"#\">\n\t\t\t\t\t\t<span class=\"elementor-button-content-wrapper\">\n\t\t\t\t\t\t\t\t\t<span class=\"elementor-button-text\">Contactar ahora<\/span>\n\t\t\t\t\t<\/span>\n\t\t\t\t\t<\/a>\n\t\t\t\t\t\t\t\t<\/div>\n\t\t\t\t\t<\/div>\n\t\t\t\t<\/div>\n\t\t\t\t<\/div>\n\t\t","protected":false},"excerpt":{"rendered":"<p>Mis Servicios C\u00f3mo puedo ayudarte Asesoramiento Integral en Residencias Ofrezco un acompa\u00f1amiento cercano y profesional para garantizar tranquilidad y confianza en el cuidado de tus mayores. Coordinaci\u00f3n con profesionales Me encargo de ser el enlace entre m\u00e9dicos, enfermer\u00eda y especialistas para que el residente reciba una atenci\u00f3n integral. Gesti\u00f3n administrativa Apoyo en todos los tr\u00e1mites [&hellip;]<\/p>\n","protected":false},"author":1,"featured_media":0,"parent":0,"menu_order":0,"comment_status":"closed","ping_status":"closed","template":"elementor_header_footer","meta":{"footnotes":""},"class_list":["post-81","page","type-page","status-publish","hentry"],"_links":{"self":[{"href":"https:\/\/gestiongeriatrica.es\/index.php\/wp-json\/wp\/v2\/pages\/81","targetHints":{"allow":["GET"]}}],"collection":[{"href":"https:\/\/gestiongeriatrica.es\/index.php\/wp-json\/wp\/v2\/pages"}],"about":[{"href":"https:\/\/gestiongeriatrica.es\/index.php\/wp-json\/wp\/v2\/types\/page"}],"author":[{"embeddable":true,"href":"https:\/\/gestiongeriatrica.es\/index.php\/wp-json\/wp\/v2\/users\/1"}],"replies":[{"embeddable":true,"href":"https:\/\/gestiongeriatrica.es\/index.php\/wp-json\/wp\/v2\/comments?post=81"}],"version-history":[{"count":43,"href":"https:\/\/gestiongeriatrica.es\/index.php\/wp-json\/wp\/v2\/pages\/81\/revisions"}],"predecessor-version":[{"id":240,"href":"https:\/\/gestiongeriatrica.es\/index.php\/wp-json\/wp\/v2\/pages\/81\/revisions\/240"}],"wp:attachment":[{"href":"https:\/\/gestiongeriatrica.es\/index.php\/wp-json\/wp\/v2\/media?parent=81"}],"curies":[{"name":"wp","href":"https:\/\/api.w.org\/{rel}","templated":true}]}}